{"id":29699,"date":"2024-02-20T17:13:05","date_gmt":"2024-02-20T20:13:05","guid":{"rendered":"https:\/\/panorama.coisadecinema.com.br\/?page_id=29699"},"modified":"2024-03-07T16:29:35","modified_gmt":"2024-03-07T19:29:35","slug":"sala-walter-da-silveira-terca-feira-19-03","status":"publish","type":"page","link":"https:\/\/acervo.coisadecinema.com.br\/xix-panorama\/programacao\/sala-walter-da-silveira-terca-feira-19-03\/","title":{"rendered":"Sala Walter da Silveira &#8211; Ter\u00e7a-feira &#8211; 19\/03"},"content":{"rendered":"<div class=\"fusion-fullwidth fullwidth-box fusion-builder-row-1 fusion-flex-container has-pattern-background has-mask-background hundred-percent-fullwidth non-hundred-percent-height-scrolling\" style=\"--awb-border-radius-top-left:0px;--awb-border-radius-top-right:0px;--awb-border-radius-bottom-right:0px;--awb-border-radius-bottom-left:0px;--awb-padding-top:120px;--awb-padding-right:6%;--awb-padding-bottom:250px;--awb-padding-left:6%;--awb-padding-top-small:120px;--awb-padding-right-small:6%;--awb-padding-left-small:6%;--awb-background-color:var(--awb-color5);--awb-flex-wrap:wrap;\" ><div class=\"fusion-builder-row fusion-row fusion-flex-align-items-flex-start fusion-flex-justify-content-space-between fusion-flex-content-wrap\" style=\"width:104% !important;max-width:104% !important;margin-left: calc(-4% \/ 2 );margin-right: calc(-4% \/ 2 );\"><div class=\"fusion-layout-column fusion_builder_column fusion-builder-column-0 fusion_builder_column_1_1 1_1 fusion-flex-column\" style=\"--awb-bg-blend:overlay;--awb-bg-size:cover;--awb-width-large:100%;--awb-margin-top-large:0px;--awb-spacing-right-large:1.92%;--awb-margin-bottom-large:0px;--awb-spacing-left-large:1.92%;--awb-width-medium:100%;--awb-spacing-right-medium:1.92%;--awb-spacing-left-medium:1.92%;--awb-width-small:100%;--awb-spacing-right-small:1.92%;--awb-spacing-left-small:1.92%;\"><div class=\"fusion-column-wrapper fusion-flex-justify-content-flex-start fusion-content-layout-column\"><div class=\"fusion-title title fusion-title-1 fusion-sep-none fusion-title-text fusion-title-size-one\" style=\"--awb-margin-bottom:20px;\"><h1 class=\"fusion-title-heading title-heading-left\" style=\"margin:0;\">Sala Walter da Silveira &#8211; Ter\u00e7a-feira &#8211; 19\/03<\/h1><\/div><\/div><\/div><div class=\"fusion-layout-column fusion_builder_column fusion-builder-column-1 fusion_builder_column_1_1 1_1 fusion-flex-column\" style=\"--awb-bg-size:cover;--awb-width-large:100%;--awb-margin-top-large:0px;--awb-spacing-right-large:1.92%;--awb-margin-bottom-large:0px;--awb-spacing-left-large:1.92%;--awb-width-medium:100%;--awb-order-medium:0;--awb-spacing-right-medium:1.92%;--awb-spacing-left-medium:1.92%;--awb-width-small:100%;--awb-order-small:0;--awb-spacing-right-small:1.92%;--awb-spacing-left-small:1.92%;\"><div class=\"fusion-column-wrapper fusion-column-has-shadow fusion-flex-justify-content-flex-start fusion-content-layout-column\"><div class=\"fusion-title title fusion-title-2 fusion-sep-none fusion-title-text fusion-title-size-three\" style=\"--awb-margin-bottom:10px;--awb-font-size:22px;\"><h3 class=\"fusion-title-heading title-heading-left\" style=\"font-family:&quot;Open Sans&quot;;font-style:normal;font-weight:700;margin:0;font-size:1em;\"><strong>14h00 \u2013 Panorama Brasil XIII<\/strong><\/h3><\/div><div class=\"fusion-text fusion-text-1\"><p><strong>A Vida \u00e9 da Cor que Pintamos<\/strong>, de Jorge Alfredo Guimar\u00e3es e Candida-Luz Liberato. BA, 93&#8242;, Cor, 2023<br \/>\n<em>*Entrada gratuita<\/em><\/p>\n<\/div><div class=\"fusion-title title fusion-title-3 fusion-sep-none fusion-title-text fusion-title-size-three\" style=\"--awb-margin-bottom:10px;--awb-font-size:22px;\"><h3 class=\"fusion-title-heading title-heading-left\" style=\"font-family:&quot;Open Sans&quot;;font-style:normal;font-weight:700;margin:0;font-size:1em;\"><strong>16h00 &#8211; Panorama Brasil X<\/strong><\/h3><\/div><div class=\"fusion-text fusion-text-2\"><p><strong>Mem\u00f3rias do Sub\u00farbio: O que \u00e9 o Acervo da Laje<\/strong>, de Cecilia Veras, Diana Miranda, Tain\u00e3 Pacheco e Yan Azevedo. BA, 13&#8242;, Cor, 2022<br \/>\n<strong>Reggae Resist\u00eancia<\/strong>, de Cecilia Amado e Pablo Oliveira. BA, 61&#8242;, Cor, 2023<br \/>\n<em>*Entrada gratuita<\/em><\/p>\n<\/div><div class=\"fusion-title title fusion-title-4 fusion-sep-none fusion-title-text fusion-title-size-three\" style=\"--awb-margin-bottom:10px;--awb-font-size:22px;\"><h3 class=\"fusion-title-heading title-heading-left\" style=\"font-family:&quot;Open Sans&quot;;font-style:normal;font-weight:700;margin:0;font-size:1em;\"><strong>18h00 \u2013 Panorama Brasil XIV<\/strong><\/h3><\/div><div class=\"fusion-text fusion-text-3\"><p><strong>Ij\u00f3 Dudu, Mem\u00f3rias da Dan\u00e7a Negra na Bahia<\/strong>, de Jos\u00e9 Carlos Arandiba \u201cZebrinha\u201d. BA, 82&#8242;, Cor, 2022<br \/>\n<em>*Entrada gratuita<\/em><\/p>\n<\/div><\/div><\/div><\/div><\/div>\n","protected":false},"excerpt":{"rendered":"","protected":false},"author":607,"featured_media":0,"parent":182,"menu_order":0,"comment_status":"closed","ping_status":"closed","template":"100-width.php","meta":{"_acf_changed":false,"footnotes":""},"class_list":["post-29699","page","type-page","status-publish","hentry"],"acf":[],"yoast_head":"<!-- This site is optimized with the Yoast SEO plugin v25.7 - https:\/\/yoast.com\/wordpress\/plugins\/seo\/ -->\n<title>Sala Walter da Silveira - Ter\u00e7a-feira - 19\/03 - XIX Panorama Internacional Coisa de Cinema<\/title>\n<meta name=\"robots\" content=\"index, follow, max-snippet:-1, max-image-preview:large, max-video-preview:-1\" \/>\n<link rel=\"canonical\" href=\"https:\/\/acervo.coisadecinema.com.br\/xix-panorama\/programacao\/sala-walter-da-silveira-terca-feira-19-03\/\" \/>\n<meta property=\"og:locale\" content=\"pt_BR\" \/>\n<meta property=\"og:type\" content=\"article\" \/>\n<meta property=\"og:title\" content=\"Sala Walter da Silveira - Ter\u00e7a-feira - 19\/03 - XIX Panorama Internacional Coisa de Cinema\" \/>\n<meta property=\"og:url\" content=\"https:\/\/acervo.coisadecinema.com.br\/xix-panorama\/programacao\/sala-walter-da-silveira-terca-feira-19-03\/\" \/>\n<meta property=\"og:site_name\" content=\"XIX Panorama Internacional Coisa de Cinema\" \/>\n<meta property=\"article:modified_time\" content=\"2024-03-07T19:29:35+00:00\" \/>\n<meta property=\"og:image\" content=\"https:\/\/acervo.coisadecinema.com.br\/xix-panorama\/wp-content\/uploads\/2024\/02\/site-2100x900-1.webp\" \/>\n\t<meta property=\"og:image:width\" content=\"2100\" \/>\n\t<meta property=\"og:image:height\" content=\"900\" \/>\n\t<meta property=\"og:image:type\" content=\"image\/webp\" \/>\n<meta name=\"twitter:card\" content=\"summary_large_image\" \/>\n<meta name=\"twitter:label1\" content=\"Est. tempo de leitura\" \/>\n\t<meta name=\"twitter:data1\" content=\"1 minuto\" \/>\n<script type=\"application\/ld+json\" class=\"yoast-schema-graph\">{\"@context\":\"https:\/\/schema.org\",\"@graph\":[{\"@type\":\"WebPage\",\"@id\":\"https:\/\/acervo.coisadecinema.com.br\/xix-panorama\/programacao\/sala-walter-da-silveira-terca-feira-19-03\/\",\"url\":\"https:\/\/acervo.coisadecinema.com.br\/xix-panorama\/programacao\/sala-walter-da-silveira-terca-feira-19-03\/\",\"name\":\"Sala Walter da Silveira - Ter\u00e7a-feira - 19\/03 - XIX Panorama Internacional Coisa de Cinema\",\"isPartOf\":{\"@id\":\"https:\/\/acervo.coisadecinema.com.br\/xix-panorama\/#website\"},\"datePublished\":\"2024-02-20T20:13:05+00:00\",\"dateModified\":\"2024-03-07T19:29:35+00:00\",\"breadcrumb\":{\"@id\":\"https:\/\/acervo.coisadecinema.com.br\/xix-panorama\/programacao\/sala-walter-da-silveira-terca-feira-19-03\/#breadcrumb\"},\"inLanguage\":\"pt-BR\",\"potentialAction\":[{\"@type\":\"ReadAction\",\"target\":[\"https:\/\/acervo.coisadecinema.com.br\/xix-panorama\/programacao\/sala-walter-da-silveira-terca-feira-19-03\/\"]}]},{\"@type\":\"BreadcrumbList\",\"@id\":\"https:\/\/acervo.coisadecinema.com.br\/xix-panorama\/programacao\/sala-walter-da-silveira-terca-feira-19-03\/#breadcrumb\",\"itemListElement\":[{\"@type\":\"ListItem\",\"position\":1,\"name\":\"In\u00edcio\",\"item\":\"https:\/\/acervo.coisadecinema.com.br\/xix-panorama\/\"},{\"@type\":\"ListItem\",\"position\":2,\"name\":\"Programa\u00e7\u00e3o\",\"item\":\"https:\/\/acervo.coisadecinema.com.br\/xix-panorama\/programacao\/\"},{\"@type\":\"ListItem\",\"position\":3,\"name\":\"Sala Walter da Silveira &#8211; Ter\u00e7a-feira &#8211; 19\/03\"}]},{\"@type\":\"WebSite\",\"@id\":\"https:\/\/acervo.coisadecinema.com.br\/xix-panorama\/#website\",\"url\":\"https:\/\/acervo.coisadecinema.com.br\/xix-panorama\/\",\"name\":\"XIX Panorama Internacional Coisa de Cinema\",\"description\":\"\",\"publisher\":{\"@id\":\"https:\/\/acervo.coisadecinema.com.br\/xix-panorama\/#organization\"},\"alternateName\":\"XIX Panorama Internacional Coisa de Cinema\",\"potentialAction\":[{\"@type\":\"SearchAction\",\"target\":{\"@type\":\"EntryPoint\",\"urlTemplate\":\"https:\/\/acervo.coisadecinema.com.br\/xix-panorama\/?s={search_term_string}\"},\"query-input\":{\"@type\":\"PropertyValueSpecification\",\"valueRequired\":true,\"valueName\":\"search_term_string\"}}],\"inLanguage\":\"pt-BR\"},{\"@type\":\"Organization\",\"@id\":\"https:\/\/acervo.coisadecinema.com.br\/xix-panorama\/#organization\",\"name\":\"XIX Panorama Internacional Coisa de Cinema\",\"url\":\"https:\/\/acervo.coisadecinema.com.br\/xix-panorama\/\",\"logo\":{\"@type\":\"ImageObject\",\"inLanguage\":\"pt-BR\",\"@id\":\"https:\/\/acervo.coisadecinema.com.br\/xix-panorama\/#\/schema\/logo\/image\/\",\"url\":\"https:\/\/panorama.coisadecinema.com.br\/wp-content\/uploads\/2022\/08\/logo-panoramaxix-2024-pos-LO.webp\",\"contentUrl\":\"https:\/\/panorama.coisadecinema.com.br\/wp-content\/uploads\/2022\/08\/logo-panoramaxix-2024-pos-LO.webp\",\"width\":600,\"height\":161,\"caption\":\"XIX Panorama Internacional Coisa de Cinema\"},\"image\":{\"@id\":\"https:\/\/acervo.coisadecinema.com.br\/xix-panorama\/#\/schema\/logo\/image\/\"}}]}<\/script>\n<!-- \/ Yoast SEO plugin. -->","yoast_head_json":{"title":"Sala Walter da Silveira - Ter\u00e7a-feira - 19\/03 - XIX Panorama Internacional Coisa de Cinema","robots":{"index":"index","follow":"follow","max-snippet":"max-snippet:-1","max-image-preview":"max-image-preview:large","max-video-preview":"max-video-preview:-1"},"canonical":"https:\/\/acervo.coisadecinema.com.br\/xix-panorama\/programacao\/sala-walter-da-silveira-terca-feira-19-03\/","og_locale":"pt_BR","og_type":"article","og_title":"Sala Walter da Silveira - Ter\u00e7a-feira - 19\/03 - XIX Panorama Internacional Coisa de Cinema","og_url":"https:\/\/acervo.coisadecinema.com.br\/xix-panorama\/programacao\/sala-walter-da-silveira-terca-feira-19-03\/","og_site_name":"XIX Panorama Internacional Coisa de Cinema","article_modified_time":"2024-03-07T19:29:35+00:00","og_image":[{"width":2100,"height":900,"url":"https:\/\/acervo.coisadecinema.com.br\/xix-panorama\/wp-content\/uploads\/2024\/02\/site-2100x900-1.webp","type":"image\/webp"}],"twitter_card":"summary_large_image","twitter_misc":{"Est. tempo de leitura":"1 minuto"},"schema":{"@context":"https:\/\/schema.org","@graph":[{"@type":"WebPage","@id":"https:\/\/acervo.coisadecinema.com.br\/xix-panorama\/programacao\/sala-walter-da-silveira-terca-feira-19-03\/","url":"https:\/\/acervo.coisadecinema.com.br\/xix-panorama\/programacao\/sala-walter-da-silveira-terca-feira-19-03\/","name":"Sala Walter da Silveira - Ter\u00e7a-feira - 19\/03 - XIX Panorama Internacional Coisa de Cinema","isPartOf":{"@id":"https:\/\/acervo.coisadecinema.com.br\/xix-panorama\/#website"},"datePublished":"2024-02-20T20:13:05+00:00","dateModified":"2024-03-07T19:29:35+00:00","breadcrumb":{"@id":"https:\/\/acervo.coisadecinema.com.br\/xix-panorama\/programacao\/sala-walter-da-silveira-terca-feira-19-03\/#breadcrumb"},"inLanguage":"pt-BR","potentialAction":[{"@type":"ReadAction","target":["https:\/\/acervo.coisadecinema.com.br\/xix-panorama\/programacao\/sala-walter-da-silveira-terca-feira-19-03\/"]}]},{"@type":"BreadcrumbList","@id":"https:\/\/acervo.coisadecinema.com.br\/xix-panorama\/programacao\/sala-walter-da-silveira-terca-feira-19-03\/#breadcrumb","itemListElement":[{"@type":"ListItem","position":1,"name":"In\u00edcio","item":"https:\/\/acervo.coisadecinema.com.br\/xix-panorama\/"},{"@type":"ListItem","position":2,"name":"Programa\u00e7\u00e3o","item":"https:\/\/acervo.coisadecinema.com.br\/xix-panorama\/programacao\/"},{"@type":"ListItem","position":3,"name":"Sala Walter da Silveira &#8211; Ter\u00e7a-feira &#8211; 19\/03"}]},{"@type":"WebSite","@id":"https:\/\/acervo.coisadecinema.com.br\/xix-panorama\/#website","url":"https:\/\/acervo.coisadecinema.com.br\/xix-panorama\/","name":"XIX Panorama Internacional Coisa de Cinema","description":"","publisher":{"@id":"https:\/\/acervo.coisadecinema.com.br\/xix-panorama\/#organization"},"alternateName":"XIX Panorama Internacional Coisa de Cinema","potentialAction":[{"@type":"SearchAction","target":{"@type":"EntryPoint","urlTemplate":"https:\/\/acervo.coisadecinema.com.br\/xix-panorama\/?s={search_term_string}"},"query-input":{"@type":"PropertyValueSpecification","valueRequired":true,"valueName":"search_term_string"}}],"inLanguage":"pt-BR"},{"@type":"Organization","@id":"https:\/\/acervo.coisadecinema.com.br\/xix-panorama\/#organization","name":"XIX Panorama Internacional Coisa de Cinema","url":"https:\/\/acervo.coisadecinema.com.br\/xix-panorama\/","logo":{"@type":"ImageObject","inLanguage":"pt-BR","@id":"https:\/\/acervo.coisadecinema.com.br\/xix-panorama\/#\/schema\/logo\/image\/","url":"https:\/\/panorama.coisadecinema.com.br\/wp-content\/uploads\/2022\/08\/logo-panoramaxix-2024-pos-LO.webp","contentUrl":"https:\/\/panorama.coisadecinema.com.br\/wp-content\/uploads\/2022\/08\/logo-panoramaxix-2024-pos-LO.webp","width":600,"height":161,"caption":"XIX Panorama Internacional Coisa de Cinema"},"image":{"@id":"https:\/\/acervo.coisadecinema.com.br\/xix-panorama\/#\/schema\/logo\/image\/"}}]}},"_links":{"self":[{"href":"https:\/\/acervo.coisadecinema.com.br\/xix-panorama\/wp-json\/wp\/v2\/pages\/29699","targetHints":{"allow":["GET"]}}],"collection":[{"href":"https:\/\/acervo.coisadecinema.com.br\/xix-panorama\/wp-json\/wp\/v2\/pages"}],"about":[{"href":"https:\/\/acervo.coisadecinema.com.br\/xix-panorama\/wp-json\/wp\/v2\/types\/page"}],"author":[{"embeddable":true,"href":"https:\/\/acervo.coisadecinema.com.br\/xix-panorama\/wp-json\/wp\/v2\/users\/607"}],"replies":[{"embeddable":true,"href":"https:\/\/acervo.coisadecinema.com.br\/xix-panorama\/wp-json\/wp\/v2\/comments?post=29699"}],"version-history":[{"count":11,"href":"https:\/\/acervo.coisadecinema.com.br\/xix-panorama\/wp-json\/wp\/v2\/pages\/29699\/revisions"}],"predecessor-version":[{"id":30818,"href":"https:\/\/acervo.coisadecinema.com.br\/xix-panorama\/wp-json\/wp\/v2\/pages\/29699\/revisions\/30818"}],"up":[{"embeddable":true,"href":"https:\/\/acervo.coisadecinema.com.br\/xix-panorama\/wp-json\/wp\/v2\/pages\/182"}],"wp:attachment":[{"href":"https:\/\/acervo.coisadecinema.com.br\/xix-panorama\/wp-json\/wp\/v2\/media?parent=29699"}],"curies":[{"name":"wp","href":"https:\/\/api.w.org\/{rel}","templated":true}]}}